{"id":63,"date":"2020-05-29T11:34:32","date_gmt":"2020-05-29T11:34:32","guid":{"rendered":"http:\/\/juergenreiners.de\/?page_id=63"},"modified":"2026-02-13T16:49:47","modified_gmt":"2026-02-13T16:49:47","slug":"startseite","status":"publish","type":"page","link":"http:\/\/juergenreiners.de\/","title":{"rendered":"B\u00fcro"},"content":{"rendered":"\n<h5><br><strong><mark style=\"background-color:rgba(0, 0, 0, 0)\" class=\"has-inline-color has-vivid-red-color\">Unser B\u00fcro ist SEIT dem 01.01.2024 geschlossen. <\/mark><\/strong><br><br><\/h5>\n\n\n\n<p class=\"has-cyan-bluish-gray-color has-text-color\"><s>Wir bieten Beratung, Planung und die fachkundige Begleitung der Ausf\u00fchrung Ihrer Bauaufgaben:<\/s><\/p>\n\n\n\n<p class=\"has-cyan-bluish-gray-color has-text-color\"><s>Von der Sanierung bis zum Neubau, vom Wohn- und Gesch\u00e4ftshaus bis zum Industriebau, vom Einzelgeb\u00e4ude bis zum St\u00e4dtebaulichen Konzept, vom Einbaum\u00f6bel bis zur begehbaren Skulptur&#8230;<\/s><\/p>\n\n\n\n<p class=\"has-cyan-bluish-gray-color has-text-color\"><s>Wir suchen gemeinsam mit den Bauherren f\u00fcr die uns gestellte funktionale und architektonische Aufgabe eine angemessene L\u00f6sung in ansprechender und zeitgem\u00e4\u00dfer Form.<\/s><\/p>\n\n\n\n<p class=\"has-cyan-bluish-gray-color has-text-color\"><s>Wir beraten Sie als Bauherr unabh\u00e4ngig und vertreten bei allen Arbeiten und in allen gew\u00fcnschten Leistungsphasen &#8211; von der Planung bis zur Fertigstellung &#8211; allein Ihre Interessen.<\/s><br>\u00a0<br><s>Wir sind es gewohnt, im Team oder in Arbeitsgemeinschaften zu arbeiten. Hierzu erweitern wir gerne weiterhin unser Netzwerk aus Fachingenieuren, Gutachtern, Projektentwicklern, Bauunternehmen und Handwerksbetrieben. Interessenten mit Freude am qualit\u00e4tsvollen Planen und Bauen sind uns immer willkommen.<\/s><\/p>\n\n\n\n<h5><strong>B\u00fcroinhaber:&nbsp;&nbsp;&nbsp;&nbsp;&nbsp;\n<\/strong>\n<\/h5>\n\n\n\n<p>J\u00fcrgen Hermann Reiners, Dipl.-Ing. Architekt<br>&nbsp;<br>2024        <br>Einstellung\/Pausierung des B\u00fcrobetriebes<br>2017\/18<br>Lehrauftrag f\u00fcr St\u00e4dtebauliches Entwerfen am Fachbereich Architektur <br>der Jade-Hochschule Oldenburg <br>2014<br>Ausbilder\/Ausbildungsst\u00e4tte der IHK Oldenburg f\u00fcr den Beruf Bauzeichner\/-in                     Schwerpunkt Architektur<br>2009<br>B\u00fcroer\u00f6ffnung im Technologie- und Wirtschaftszentrum TWZ Delmenhorst<br>2008<br>Mitglied im Kompetenzzentrum Bauen und Energie (KoBE) e. V. Oldenburg<br>2007<br>Mitglied Regionalgruppe Oldenburg der AKNDS<br>2006<br>Mitglied im Architekten- und Ingenieursverein e. V. von 1869 (AIV) Oldenburg<br>2000<br>B\u00fcrogr\u00fcndung in Oldenburg, Mitglied der Architektenkammer Niedersachsen<br>2000<br>Abschlussbrief der Klasse Baukunst an der Kunstakademie D\u00fcsseldorf<br>1999<br>Sommerseminar Stiftung Deutscher Architekten<br>1998\/99<br>Atelier-Stipendium des Landes Nordrhein-Westfalen<br>an der Cit\u00e9 des Arts in Paris<br>1994<br>Architektur-Diplom Fachhochschule Oldenburg (Jade Hochschule) <br>1988\/89<br>Baupraktika Massivbau und Bautischlerei<br>1987<br>Wilhelm Wagenfeld Schule in Bremen<br>1986<br>Gesellenbrief Modelltischler<br>1965<br>geboren in Delmenhorst  <\/p>\n\n\n\n<h5><strong>Netzwerk\/Kooperationen:<\/strong> <\/h5>\n\n\n\n<h6>Freie Mitarbeit mit dem Schwerpunkt Entwurfsplanung 1994 bis 2009: <\/h6>\n\n\n\n<p>av communication, Ludwigsburg<br>Planungsb\u00fcro Schmitz GmbH, Aachen<br>RKW Architektur und St\u00e4dtebau GmbH, D\u00fcsseldorf<br>Architekt Bruno Schlagenhauf, D\u00fcsseldorf<br>Droste Droste &amp; Urban Architektengesellschaft mbH, Oldenburg<\/p>\n\n\n\n<h6>Projekt- und Werkgemeinschaften\/Kooperationen seit 2000:<\/h6>\n\n\n\n<p>Alain Delfy, Architekt,\nAachen\/Paris<br>Hauke M\u00f6ller, Architekt, M\u00fcnchen\/Z\u00fcrich<br>Paul\nMelia, Landschaftsarchitekt, Ingolstadt<br>Bruno Grimm, Architekt,\nAschaffenburg<br>J\u00f6rg Stille, Architekt, Extertal-Silixen<br>Assmann\nBeraten und Planen GmbH, Braunschweig<br>Nina Keil, Ingenieurb\u00fcro\nKeil, Hannover<br>Stefan Steinkamp, Architekt,\nOldenburg\/Neuenkirchen-V\u00f6rden<br>Christine Mock, Architektin,\nTwistringen<br>Prof. Holm Kleinmann, Architekt, Oldenburg<br>Gerd\nMeyer, Architekt und Bausachverst\u00e4ndiger, Oldenburg<br>Stephan\nLehmhus, Architekt und Bausachverst\u00e4ndiger, Oldenburg<br>Michael\nPinger, Architekt und Energieberater, Oldenburg<br>Jochen\nReins-Kreuter, Architekt, Bremen<br>Neimke Architekten und\nProjektentwickler, Bremen<br>Ingenieurb\u00fcro f\u00fcr Bauplanung und\nEnergieberatung Blindow &amp; Steuer, Bremen<br>Andreas\nWegmann-Klose, KWK-Freiraum-Planung, Bremen<br>Hans-J\u00fcrgen Dahlhues,\nPST Ingenieurb\u00fcro f\u00fcr Projektsteuerung und technische Beratung,\nBremen<br>Ricky Bruder, Brandschutzplanung-Nord, Ingenieur- und\nSachverst\u00e4ndigenb\u00fcro, Hude\/Bremen<br>Janko Seegelken, duoING\nBaubetreuungs- und Projektmanagement GmbH, Stuhr\/Brinkum<br>G\u00fcnther\nFeith, Architekt, Delmenhorst<br>Bernhard Tetzlaff, Beratender\nIngenieur, Delmenhorst<br>Ulrich Br\u00fcggenwirth, IBUB Beratender\nIngenieur f\u00fcr Geb\u00e4udetechnik, Syke\/Delmenhorst<br>Dr. Tobias\nSchween, TSS Beratende Ingenieure, Delmenhorst\/Lohne\/Oldenburg<br>Ralf\nEilers, Ingenieurb\u00fcro f\u00fcr Bauwesen, Ganderkesee<br>M\u00f6ller +\nPenning GmbH, Beratende Ingenieure VBI, Oldenburg<br>Uwe Dreyer,\nIngenieurb\u00fcro f\u00fcr Elektrotechnik, Syke-Ristedt<br>Andreas Bunn,\nElektro- und Nachrichtentechnik Weserplan, Brake<br>Hans Kappen, IBK\nIngenieurb\u00fcro f\u00fcr TGA, Haren\/Ems<br>Geb\u00e4ude- und\nImmobilienservice, Fachdienst Architektur und Technik, Stadt\nDelmenhorst<\/p>\n\n\n\n<h5> <strong>Organisationen:<\/strong> <\/h5>\n\n\n\n<p>Architektenkammer Niedersachsen, Hannover<br>Architekten- und Ingenieursverein e. V. von 1869 (AIV), Oldenburg<br>Kompetenzzentrum Bauen und Energie (KoBE), Oldenburg<br>Netzwerk Technologie- und Wirtschaftszentrum (TWZ), Delmenhorst<br>F\u00f6rderverein der \u00f6rtlichen Wirtschaft e.V., Delmenhorst<br>Freundeskreis Galerie Haus Coburg Delmenhorst e.V., Delmenhorst<\/p>\n\n\n\n<h5><strong>Mitarbeiter 2000 bis 2023 <\/strong><\/h5>\n\n\n\n<p>| Neele B\u00f6hm | Thorben Campen | Miray Ciftci | Veronique Eberle<strong> <\/strong>| Inga Funk | Anne Galenziowski | Janina Grebe | Thomas Hackel | Sergej Halweg | Christiane Hermann | Rieke Hinrichs | Severin Kaling | Marius Kirchner | Chantal Cheyenne Lange | Kaja Mielcarek | Kristin M\u00fcller| Markus M\u00fcller | Dennis N\u00e4ther | Claudia Niemeyer | Monique Pundt | Daria Richter-Rose | Tanja Saevecke | Rafiandy Latief | Friedemann Schullerus | Tanja Schullerus | Marion Weiss | Neele Will | Karena Witt | Alex Zimmer |<\/p>\n","protected":false},"excerpt":{"rendered":"<p>Unser B\u00fcro ist SEIT dem 01.01.2024 geschlossen. Wir bieten Beratung, Planung und die fachkundige Begleitung der Ausf\u00fchrung Ihrer Bauaufgaben: Von der Sanierung bis zum Neubau, vom Wohn- und Gesch\u00e4ftshaus bis zum Industriebau, vom Einzelgeb\u00e4ude bis zum St\u00e4dtebaulichen Konzept, vom Einbaum\u00f6bel bis zur begehbaren Skulptur&#8230; Wir suchen gemeinsam mit den Bauherren f\u00fcr die uns gestellte funktionale &hellip; <\/p>\n<p class=\"link-more\"><a href=\"http:\/\/juergenreiners.de\/\" class=\"more-link\"><span class=\"screen-reader-text\">\u201eB\u00fcro\u201c <\/span>weiterlesen<\/a><\/p>\n","protected":false},"author":1,"featured_media":0,"parent":0,"menu_order":0,"comment_status":"closed","ping_status":"closed","template":"","meta":[],"_links":{"self":[{"href":"http:\/\/juergenreiners.de\/index.php?rest_route=\/wp\/v2\/pages\/63"}],"collection":[{"href":"http:\/\/juergenreiners.de\/index.php?rest_route=\/wp\/v2\/pages"}],"about":[{"href":"http:\/\/juergenreiners.de\/index.php?rest_route=\/wp\/v2\/types\/page"}],"author":[{"embeddable":true,"href":"http:\/\/juergenreiners.de\/index.php?rest_route=\/wp\/v2\/users\/1"}],"replies":[{"embeddable":true,"href":"http:\/\/juergenreiners.de\/index.php?rest_route=%2Fwp%2Fv2%2Fcomments&post=63"}],"version-history":[{"count":13,"href":"http:\/\/juergenreiners.de\/index.php?rest_route=\/wp\/v2\/pages\/63\/revisions"}],"predecessor-version":[{"id":155,"href":"http:\/\/juergenreiners.de\/index.php?rest_route=\/wp\/v2\/pages\/63\/revisions\/155"}],"wp:attachment":[{"href":"http:\/\/juergenreiners.de\/index.php?rest_route=%2Fwp%2Fv2%2Fmedia&parent=63"}],"curies":[{"name":"wp","href":"https:\/\/api.w.org\/{rel}","templated":true}]}}