{"id":86,"date":"2022-05-18T14:19:20","date_gmt":"2022-05-18T14:19:20","guid":{"rendered":"http:\/\/juergenreiners.de\/?page_id=86"},"modified":"2026-02-13T17:51:55","modified_gmt":"2026-02-13T17:51:55","slug":"projekte","status":"publish","type":"page","link":"http:\/\/juergenreiners.de\/?page_id=86","title":{"rendered":"Projektauswahl"},"content":{"rendered":"\t\t<div data-elementor-type=\"wp-page\" data-elementor-id=\"86\" class=\"elementor elementor-86\">\n\t\t\t\t\t\t\t\t\t<section class=\"elementor-section elementor-top-section elementor-element elementor-element-2584550 elementor-section-boxed elementor-section-height-default elementor-section-height-default\" data-id=\"2584550\" data-element_type=\"section\">\n\t\t\t\t\t\t<div class=\"elementor-container elementor-column-gap-default\">\n\t\t\t\t\t<div class=\"elementor-column elementor-col-33 elementor-top-column elementor-element elementor-element-187471b\" data-id=\"187471b\" data-element_type=\"column\">\n\t\t\t<div class=\"elementor-widget-wrap elementor-element-populated\">\n\t\t\t\t\t\t\t\t<div class=\"elementor-element elementor-element-0cb189a elementor-widget elementor-widget-image\" data-id=\"0cb189a\" data-element_type=\"widget\" data-widget_type=\"image.default\">\n\t\t\t\t<div class=\"elementor-widget-container\">\n\t\t\t<style>\/*! elementor - v3.6.5 - 27-04-2022 *\/\n.elementor-widget-image{text-align:center}.elementor-widget-image a{display:inline-block}.elementor-widget-image a img[src$=\".svg\"]{width:48px}.elementor-widget-image img{vertical-align:middle;display:inline-block}<\/style>\t\t\t\t\t\t\t\t\t\t\t\t<img src=\"http:\/\/www.architekt-reiners.de\/index.php?bs_resize_image&amp;file=.%2Fuploads%2F193_mm067a_20220121234416.jpg&amp;height=99999&amp;width=450\" title=\"\" alt=\"\" \/>\t\t\t\t\t\t\t\t\t\t\t\t\t\t\t<\/div>\n\t\t\t\t<\/div>\n\t\t\t\t<div class=\"elementor-element elementor-element-70778cb elementor-widget elementor-widget-image\" data-id=\"70778cb\" data-element_type=\"widget\" data-widget_type=\"image.default\">\n\t\t\t\t<div class=\"elementor-widget-container\">\n\t\t\t\t\t\t\t\t\t\t\t\t\t\t\t<img width=\"450\" height=\"282\" src=\"http:\/\/juergenreiners.de\/wp-content\/uploads\/2022\/05\/Flexo-Bild-1.jpg\" class=\"attachment-large size-large\" alt=\"\" loading=\"lazy\" srcset=\"http:\/\/juergenreiners.de\/wp-content\/uploads\/2022\/05\/Flexo-Bild-1.jpg 450w, http:\/\/juergenreiners.de\/wp-content\/uploads\/2022\/05\/Flexo-Bild-1-300x188.jpg 300w\" sizes=\"100vw\" \/>\t\t\t\t\t\t\t\t\t\t\t\t\t\t\t<\/div>\n\t\t\t\t<\/div>\n\t\t\t\t\t<\/div>\n\t\t<\/div>\n\t\t\t\t<div class=\"elementor-column elementor-col-66 elementor-top-column elementor-element elementor-element-6f7ea2c\" data-id=\"6f7ea2c\" data-element_type=\"column\">\n\t\t\t<div class=\"elementor-widget-wrap elementor-element-populated\">\n\t\t\t\t\t\t\t\t<div class=\"elementor-element elementor-element-0f4bf3b elementor-widget elementor-widget-heading\" data-id=\"0f4bf3b\" data-element_type=\"widget\" data-widget_type=\"heading.default\">\n\t\t\t\t<div class=\"elementor-widget-container\">\n\t\t\t<style>\/*! elementor - v3.6.5 - 27-04-2022 *\/\n.elementor-heading-title{padding:0;margin:0;line-height:1}.elementor-widget-heading .elementor-heading-title[class*=elementor-size-]>a{color:inherit;font-size:inherit;line-height:inherit}.elementor-widget-heading .elementor-heading-title.elementor-size-small{font-size:15px}.elementor-widget-heading .elementor-heading-title.elementor-size-medium{font-size:19px}.elementor-widget-heading .elementor-heading-title.elementor-size-large{font-size:29px}.elementor-widget-heading .elementor-heading-title.elementor-size-xl{font-size:39px}.elementor-widget-heading .elementor-heading-title.elementor-size-xxl{font-size:59px}<\/style><h2 class=\"elementor-heading-title elementor-size-default\">2021 Flexo<\/h2>\t\t<\/div>\n\t\t\t\t<\/div>\n\t\t\t\t<div class=\"elementor-element elementor-element-1ebe1ce elementor-widget elementor-widget-text-editor\" data-id=\"1ebe1ce\" data-element_type=\"widget\" data-widget_type=\"text-editor.default\">\n\t\t\t\t<div class=\"elementor-widget-container\">\n\t\t\t<style>\/*! elementor - v3.6.5 - 27-04-2022 *\/\n.elementor-widget-text-editor.elementor-drop-cap-view-stacked .elementor-drop-cap{background-color:#818a91;color:#fff}.elementor-widget-text-editor.elementor-drop-cap-view-framed .elementor-drop-cap{color:#818a91;border:3px solid;background-color:transparent}.elementor-widget-text-editor:not(.elementor-drop-cap-view-default) .elementor-drop-cap{margin-top:8px}.elementor-widget-text-editor:not(.elementor-drop-cap-view-default) .elementor-drop-cap-letter{width:1em;height:1em}.elementor-widget-text-editor .elementor-drop-cap{float:left;text-align:center;line-height:1;font-size:50px}.elementor-widget-text-editor .elementor-drop-cap-letter{display:inline-block}<\/style>\t\t\t\t<p><strong>Neubau einer Werk- und Lagerhalle mit B\u00fcro in<\/strong> <strong>Hatten-Munderloh<\/strong><\/p><p class=\"copyright\"><span style=\"text-decoration: underline;\">Auftraggeber:<\/span> Privat<br \/><span style=\"text-decoration: underline;\">Leistungen:<\/span> Entwurfs- und Genehmigungsplanung<\/p>\t\t\t\t\t\t<\/div>\n\t\t\t\t<\/div>\n\t\t\t\t\t<\/div>\n\t\t<\/div>\n\t\t\t\t\t\t\t<\/div>\n\t\t<\/section>\n\t\t\t\t<section class=\"elementor-section elementor-top-section elementor-element elementor-element-2631d33 elementor-section-boxed elementor-section-height-default elementor-section-height-default\" data-id=\"2631d33\" data-element_type=\"section\">\n\t\t\t\t\t\t<div class=\"elementor-container elementor-column-gap-default\">\n\t\t\t\t\t<div class=\"elementor-column elementor-col-33 elementor-top-column elementor-element elementor-element-19c682a\" data-id=\"19c682a\" data-element_type=\"column\">\n\t\t\t<div class=\"elementor-widget-wrap elementor-element-populated\">\n\t\t\t\t\t\t\t\t<div class=\"elementor-element elementor-element-9c53712 elementor-widget elementor-widget-image\" data-id=\"9c53712\" data-element_type=\"widget\" data-widget_type=\"image.default\">\n\t\t\t\t<div class=\"elementor-widget-container\">\n\t\t\t\t\t\t\t\t\t\t\t\t\t\t\t<img width=\"450\" height=\"287\" src=\"http:\/\/juergenreiners.de\/wp-content\/uploads\/2022\/05\/Tieflader-1.jpg\" class=\"attachment-large size-large\" alt=\"\" loading=\"lazy\" srcset=\"http:\/\/juergenreiners.de\/wp-content\/uploads\/2022\/05\/Tieflader-1.jpg 450w, http:\/\/juergenreiners.de\/wp-content\/uploads\/2022\/05\/Tieflader-1-300x191.jpg 300w\" sizes=\"100vw\" \/>\t\t\t\t\t\t\t\t\t\t\t\t\t\t\t<\/div>\n\t\t\t\t<\/div>\n\t\t\t\t<div class=\"elementor-element elementor-element-f056c82 elementor-widget elementor-widget-image\" data-id=\"f056c82\" data-element_type=\"widget\" data-widget_type=\"image.default\">\n\t\t\t\t<div class=\"elementor-widget-container\">\n\t\t\t\t\t\t\t\t\t\t\t\t\t\t\t<img width=\"450\" height=\"318\" src=\"http:\/\/juergenreiners.de\/wp-content\/uploads\/2022\/05\/Tieflader-2.jpg\" class=\"attachment-large size-large\" alt=\"\" loading=\"lazy\" srcset=\"http:\/\/juergenreiners.de\/wp-content\/uploads\/2022\/05\/Tieflader-2.jpg 450w, http:\/\/juergenreiners.de\/wp-content\/uploads\/2022\/05\/Tieflader-2-300x212.jpg 300w\" sizes=\"100vw\" \/>\t\t\t\t\t\t\t\t\t\t\t\t\t\t\t<\/div>\n\t\t\t\t<\/div>\n\t\t\t\t\t<\/div>\n\t\t<\/div>\n\t\t\t\t<div class=\"elementor-column elementor-col-66 elementor-top-column elementor-element elementor-element-6129037\" data-id=\"6129037\" data-element_type=\"column\">\n\t\t\t<div class=\"elementor-widget-wrap elementor-element-populated\">\n\t\t\t\t\t\t\t\t<div class=\"elementor-element elementor-element-1aea041 elementor-widget elementor-widget-heading\" data-id=\"1aea041\" data-element_type=\"widget\" data-widget_type=\"heading.default\">\n\t\t\t\t<div class=\"elementor-widget-container\">\n\t\t\t<h2 class=\"elementor-heading-title elementor-size-default\">2021 Tieflader<\/h2>\t\t<\/div>\n\t\t\t\t<\/div>\n\t\t\t\t<div class=\"elementor-element elementor-element-79259c5 elementor-widget elementor-widget-text-editor\" data-id=\"79259c5\" data-element_type=\"widget\" data-widget_type=\"text-editor.default\">\n\t\t\t\t<div class=\"elementor-widget-container\">\n\t\t\t\t\t\t\t<p><strong>Neubau einer Gewerbehalle mit B\u00fcro in Ganderkesee<\/strong><\/p><p class=\"copyright\"><span style=\"text-decoration: underline;\">Auftraggeber:<\/span> Privat<br \/><span style=\"text-decoration: underline;\">Leistungen:<\/span> Entwurfs- und Genehmigungsplanung<\/p>\t\t\t\t\t\t<\/div>\n\t\t\t\t<\/div>\n\t\t\t\t\t<\/div>\n\t\t<\/div>\n\t\t\t\t\t\t\t<\/div>\n\t\t<\/section>\n\t\t\t\t<section class=\"elementor-section elementor-top-section elementor-element elementor-element-d789938 elementor-section-boxed elementor-section-height-default elementor-section-height-default\" data-id=\"d789938\" data-element_type=\"section\">\n\t\t\t\t\t\t<div class=\"elementor-container elementor-column-gap-default\">\n\t\t\t\t\t<div class=\"elementor-column elementor-col-33 elementor-top-column elementor-element elementor-element-d94a1f9\" data-id=\"d94a1f9\" data-element_type=\"column\">\n\t\t\t<div class=\"elementor-widget-wrap elementor-element-populated\">\n\t\t\t\t\t\t\t\t<div class=\"elementor-element elementor-element-47ffc73 elementor-widget elementor-widget-image\" data-id=\"47ffc73\" data-element_type=\"widget\" data-widget_type=\"image.default\">\n\t\t\t\t<div class=\"elementor-widget-container\">\n\t\t\t\t\t\t\t\t\t\t\t\t\t\t\t<img width=\"450\" height=\"214\" src=\"http:\/\/juergenreiners.de\/wp-content\/uploads\/2022\/05\/Floor-Store.jpg\" class=\"attachment-large size-large\" alt=\"\" loading=\"lazy\" srcset=\"http:\/\/juergenreiners.de\/wp-content\/uploads\/2022\/05\/Floor-Store.jpg 450w, http:\/\/juergenreiners.de\/wp-content\/uploads\/2022\/05\/Floor-Store-300x143.jpg 300w\" sizes=\"100vw\" \/>\t\t\t\t\t\t\t\t\t\t\t\t\t\t\t<\/div>\n\t\t\t\t<\/div>\n\t\t\t\t\t<\/div>\n\t\t<\/div>\n\t\t\t\t<div class=\"elementor-column elementor-col-66 elementor-top-column elementor-element elementor-element-0a45d48\" data-id=\"0a45d48\" data-element_type=\"column\">\n\t\t\t<div class=\"elementor-widget-wrap elementor-element-populated\">\n\t\t\t\t\t\t\t\t<div class=\"elementor-element elementor-element-eab059d elementor-widget elementor-widget-heading\" data-id=\"eab059d\" data-element_type=\"widget\" data-widget_type=\"heading.default\">\n\t\t\t\t<div class=\"elementor-widget-container\">\n\t\t\t<h2 class=\"elementor-heading-title elementor-size-default\">2020 Floor-Storage<\/h2>\t\t<\/div>\n\t\t\t\t<\/div>\n\t\t\t\t<div class=\"elementor-element elementor-element-9c0d2c3 elementor-widget elementor-widget-text-editor\" data-id=\"9c0d2c3\" data-element_type=\"widget\" data-widget_type=\"text-editor.default\">\n\t\t\t\t<div class=\"elementor-widget-container\">\n\t\t\t\t\t\t\t<p><strong>Umnutzung einer Lagerhalle in Delmenhorst<\/strong><\/p><p class=\"copyright\"><span style=\"text-decoration: underline;\">Auftraggeber:<\/span> Gerflor DLW GmbH<br \/><span style=\"text-decoration: underline;\">Leistung:<\/span> Entwurfsplanung<\/p>\t\t\t\t\t\t<\/div>\n\t\t\t\t<\/div>\n\t\t\t\t\t<\/div>\n\t\t<\/div>\n\t\t\t\t\t\t\t<\/div>\n\t\t<\/section>\n\t\t\t\t<section class=\"elementor-section elementor-top-section elementor-element elementor-element-ecf7719 elementor-section-boxed elementor-section-height-default elementor-section-height-default\" data-id=\"ecf7719\" data-element_type=\"section\">\n\t\t\t\t\t\t<div class=\"elementor-container elementor-column-gap-default\">\n\t\t\t\t\t<div class=\"elementor-column elementor-col-100 elementor-top-column elementor-element elementor-element-320353a\" data-id=\"320353a\" data-element_type=\"column\">\n\t\t\t<div class=\"elementor-widget-wrap elementor-element-populated\">\n\t\t\t\t\t\t\t\t<div class=\"elementor-element elementor-element-0b60792 elementor-widget elementor-widget-heading\" data-id=\"0b60792\" data-element_type=\"widget\" data-widget_type=\"heading.default\">\n\t\t\t\t<div class=\"elementor-widget-container\">\n\t\t\t<h2 class=\"elementor-heading-title elementor-size-default\">Projekt-Archiv<\/h2>\t\t<\/div>\n\t\t\t\t<\/div>\n\t\t\t\t<div class=\"elementor-element elementor-element-009b12f elementor-widget elementor-widget-toggle\" data-id=\"009b12f\" data-element_type=\"widget\" data-widget_type=\"toggle.default\">\n\t\t\t\t<div class=\"elementor-widget-container\">\n\t\t\t<style>\/*! elementor - v3.6.5 - 27-04-2022 *\/\n.elementor-toggle{text-align:left}.elementor-toggle .elementor-tab-title{font-weight:700;line-height:1;margin:0;padding:15px;border-bottom:1px solid #d4d4d4;cursor:pointer;outline:none}.elementor-toggle .elementor-tab-title .elementor-toggle-icon{display:inline-block;width:1em}.elementor-toggle .elementor-tab-title .elementor-toggle-icon svg{-webkit-margin-start:-5px;margin-inline-start:-5px;width:1em;height:1em}.elementor-toggle .elementor-tab-title .elementor-toggle-icon.elementor-toggle-icon-right{float:right;text-align:right}.elementor-toggle .elementor-tab-title .elementor-toggle-icon.elementor-toggle-icon-left{float:left;text-align:left}.elementor-toggle .elementor-tab-title .elementor-toggle-icon .elementor-toggle-icon-closed{display:block}.elementor-toggle .elementor-tab-title .elementor-toggle-icon .elementor-toggle-icon-opened{display:none}.elementor-toggle .elementor-tab-title.elementor-active{border-bottom:none}.elementor-toggle .elementor-tab-title.elementor-active .elementor-toggle-icon-closed{display:none}.elementor-toggle .elementor-tab-title.elementor-active .elementor-toggle-icon-opened{display:block}.elementor-toggle .elementor-tab-content{padding:15px;border-bottom:1px solid #d4d4d4;display:none}@media (max-width:767px){.elementor-toggle .elementor-tab-title{padding:12px}.elementor-toggle .elementor-tab-content{padding:12px 10px}}<\/style>\t\t<div class=\"elementor-toggle\" role=\"tablist\">\n\t\t\t\t\t\t\t<div class=\"elementor-toggle-item\">\n\t\t\t\t\t<div id=\"elementor-tab-title-6351\" class=\"elementor-tab-title\" data-tab=\"1\" role=\"tab\" aria-controls=\"elementor-tab-content-6351\" aria-expanded=\"false\">\n\t\t\t\t\t\t\t\t\t\t\t\t<span class=\"elementor-toggle-icon elementor-toggle-icon-left\" aria-hidden=\"true\">\n\t\t\t\t\t\t\t\t\t\t\t\t\t\t\t<span class=\"elementor-toggle-icon-closed\"><i class=\"fas fa-caret-right\"><\/i><\/span>\n\t\t\t\t\t\t\t\t<span class=\"elementor-toggle-icon-opened\"><i class=\"elementor-toggle-icon-opened fas fa-caret-up\"><\/i><\/span>\n\t\t\t\t\t\t\t\t\t\t\t\t\t<\/span>\n\t\t\t\t\t\t\t\t\t\t\t\t<a href=\"\" class=\"elementor-toggle-title\">2019<\/a>\n\t\t\t\t\t<\/div>\n\n\t\t\t\t\t<div id=\"elementor-tab-content-6351\" class=\"elementor-tab-content elementor-clearfix\" data-tab=\"1\" role=\"tabpanel\" aria-labelledby=\"elementor-tab-title-6351\"><ul><li><h3>Night on Earth<\/h3><p><strong>Umnutzung eines ehem. B\u00fcro- und Werkstattgeb\u00e4udes zu einer Taxenzentrale in Delmenhorst<\/strong><\/p><p><span style=\"text-decoration: underline;\">Auftraggeber<\/span>: Die Taxenzentrale, GF T. Reisewitz<br \/><span style=\"text-decoration: underline;\">Leistungen<\/span>: Entwurfs- u. Genehmigungsplanung zur Nutzungs\u00e4nderung<\/p><\/li><li><h3>Lagerbox<\/h3><p><strong>Umnutzung eines ehem. B\u00fcro- u. Werkstattgeb\u00e4udes<\/strong><br \/><strong>zu einem Lagergeb\u00e4ude in Stuhr<\/strong><\/p><p><span style=\"text-decoration: underline;\">Auftraggeber<\/span>: Privat<br \/><span style=\"text-decoration: underline;\">Leistungen<\/span>: Entwurfs- u. Genehmigungsplanung zur Nutzungs\u00e4nderung<\/p><\/li><\/ul><\/div>\n\t\t\t\t<\/div>\n\t\t\t\t\t\t\t<div class=\"elementor-toggle-item\">\n\t\t\t\t\t<div id=\"elementor-tab-title-6352\" class=\"elementor-tab-title\" data-tab=\"2\" role=\"tab\" aria-controls=\"elementor-tab-content-6352\" aria-expanded=\"false\">\n\t\t\t\t\t\t\t\t\t\t\t\t<span class=\"elementor-toggle-icon elementor-toggle-icon-left\" aria-hidden=\"true\">\n\t\t\t\t\t\t\t\t\t\t\t\t\t\t\t<span class=\"elementor-toggle-icon-closed\"><i class=\"fas fa-caret-right\"><\/i><\/span>\n\t\t\t\t\t\t\t\t<span class=\"elementor-toggle-icon-opened\"><i class=\"elementor-toggle-icon-opened fas fa-caret-up\"><\/i><\/span>\n\t\t\t\t\t\t\t\t\t\t\t\t\t<\/span>\n\t\t\t\t\t\t\t\t\t\t\t\t<a href=\"\" class=\"elementor-toggle-title\">2018<\/a>\n\t\t\t\t\t<\/div>\n\n\t\t\t\t\t<div id=\"elementor-tab-content-6352\" class=\"elementor-tab-content elementor-clearfix\" data-tab=\"2\" role=\"tabpanel\" aria-labelledby=\"elementor-tab-title-6352\"><ul><li><h3>Mutkiek<\/h3><\/li><\/ul><p><strong>Errichtung eines \u00f6ffentlichen Aussichtsturmes in Hohenb\u00f6ken<\/strong><\/p><p class=\"copyright\"><u>Auftraggeber<\/u>: Gemeinde Ganderkesee<br \/><u>Leistungen<\/u>: Entwurfs-, Genehmigungs u. Ausf\u00fchrungsplanung, sowie Ausschreibung<\/p><ul><li><h3>Step two<\/h3><\/li><\/ul><p><strong>Erweiterung eines Fertigungsbetriebes um eine Montagehalle in Stuhr-Brinkum<\/strong><\/p><p class=\"copyright\"><span style=\"text-decoration: underline;\">Auftraggeber<\/span>: HB Immobilien GbR, Syke<br \/><span style=\"text-decoration: underline;\">Leistungen<\/span>: Entwurfs- u. Genehmigungsplanung<\/p><ul><li><h3>El Mellow<\/h3><\/li><\/ul><p><strong>Neubau eines Mehrfamilienhauses in Ganderkesee-Elmeloh<\/strong><\/p><p class=\"copyright\"><span style=\"text-decoration: underline;\">Auftraggeber<\/span>: Privat<br \/><span style=\"text-decoration: underline;\">Leistungen<\/span>: Entwurfs- und Genehmigungsplanung<\/p><ul><li><h3>Steinmetzhaus<\/h3><\/li><\/ul><p><strong>Umnutzung und Sanierung eines ehem. Werkstattgeb\u00e4udes <\/strong><br \/><strong>auf der Nordwolle in Delmenhorst<\/strong><\/p><p class=\"copyright\"><span style=\"text-decoration: underline;\">Auftraggeber<\/span>: Privat<br \/><span style=\"text-decoration: underline;\">Leistungen<\/span>: Entwurfs- u. Genehmigungsplanung<\/p><ul><li><h3>Hygge II<\/h3><\/li><\/ul><p><strong>Erweiterung\/Umbau eines Einfamilienhauses in Ganderkesee<\/strong><\/p><p class=\"copyright\"><span style=\"text-decoration: underline;\">Auftraggeber<\/span>: Privat<br \/><span style=\"text-decoration: underline;\">Leistungen<\/span>: Entwurfs- u. Genehmigungsplanung<\/p><\/div>\n\t\t\t\t<\/div>\n\t\t\t\t\t\t\t<div class=\"elementor-toggle-item\">\n\t\t\t\t\t<div id=\"elementor-tab-title-6353\" class=\"elementor-tab-title\" data-tab=\"3\" role=\"tab\" aria-controls=\"elementor-tab-content-6353\" aria-expanded=\"false\">\n\t\t\t\t\t\t\t\t\t\t\t\t<span class=\"elementor-toggle-icon elementor-toggle-icon-left\" aria-hidden=\"true\">\n\t\t\t\t\t\t\t\t\t\t\t\t\t\t\t<span class=\"elementor-toggle-icon-closed\"><i class=\"fas fa-caret-right\"><\/i><\/span>\n\t\t\t\t\t\t\t\t<span class=\"elementor-toggle-icon-opened\"><i class=\"elementor-toggle-icon-opened fas fa-caret-up\"><\/i><\/span>\n\t\t\t\t\t\t\t\t\t\t\t\t\t<\/span>\n\t\t\t\t\t\t\t\t\t\t\t\t<a href=\"\" class=\"elementor-toggle-title\">2017<\/a>\n\t\t\t\t\t<\/div>\n\n\t\t\t\t\t<div id=\"elementor-tab-content-6353\" class=\"elementor-tab-content elementor-clearfix\" data-tab=\"3\" role=\"tabpanel\" aria-labelledby=\"elementor-tab-title-6353\"><ul><li><h3>Neue Mitte<\/h3><\/li><\/ul><p><strong>Neubau eines Betriebsgeb\u00e4udes in Hude<\/strong><\/p><p class=\"copyright\"><span style=\"text-decoration: underline;\">Auftraggeber<\/span>: Privat<br \/><span style=\"text-decoration: underline;\">Leistungen<\/span>: Entwurfs-, Genehmigungs- u. Ausf\u00fchrungsplanung<\/p><ul><li><h3>Pampa Musa<\/h3><\/li><\/ul><p><strong>Sanierung einer Ferienwohnung in Dangast<\/strong><\/p><p class=\"copyright\"><span style=\"text-decoration: underline;\">Auftraggeber<\/span>: Privat<br \/><span style=\"text-decoration: underline;\">Leistungen<\/span>: Entwurfs- u. Ausf\u00fchrungsplanung, Bauleitung<\/p><ul><li><h3>F\u00fcnfzigtausend Liter<\/h3><\/li><\/ul><p><strong>Neubau einer Stickstofftankanlage<\/strong><\/p><p class=\"copyright\"><span style=\"text-decoration: underline;\">Auftraggeber<\/span>: DLW Flooring GmbH<br \/><span style=\"text-decoration: underline;\">Leistung<\/span>: Genehmigungsplanung<\/p><ul><li><h3>Stahlblau<\/h3><\/li><\/ul><p><strong>Umbau\/Teilnutzungs\u00e4nderung eines Betriebsgeb\u00e4udes in Delmenhorst. <\/strong><strong>Einbau von zus\u00e4tzlichen B\u00fcrofl\u00e4chen mit Neuordnung\/Sanierung vorh. B\u00fcrofl\u00e4chen.\u00a0 <\/strong><strong>Umsetzung der Brandschutzma\u00dfnahmen: Neubau von zwei Au\u00dfentreppen<\/strong><\/p><p class=\"copyright\"><span style=\"text-decoration: underline;\">Auftraggeber<\/span>: ista Deutschland GmbH<br \/><span style=\"text-decoration: underline;\">Leistungen<\/span>: Entwurfs-u.\u00a0 Genehmigungsplanung zur Nutzungs\u00e4nderung,<br \/>Ausf\u00fchrungsplanung, Ausschreibung, Bauleitung<\/p><ul><li><h3>Abstellraum<\/h3><\/li><\/ul><p><strong>Neubau einer Fahrzeughalle in Stuhr-Varrel<\/strong><\/p><p class=\"copyright\"><span style=\"text-decoration: underline;\">Auftraggeber<\/span>: Privat<br \/><span style=\"text-decoration: underline;\">Leistungen<\/span>: Entwurfs- u. Genehmigungsplanung<\/p><\/div>\n\t\t\t\t<\/div>\n\t\t\t\t\t\t\t<div class=\"elementor-toggle-item\">\n\t\t\t\t\t<div id=\"elementor-tab-title-6354\" class=\"elementor-tab-title\" data-tab=\"4\" role=\"tab\" aria-controls=\"elementor-tab-content-6354\" aria-expanded=\"false\">\n\t\t\t\t\t\t\t\t\t\t\t\t<span class=\"elementor-toggle-icon elementor-toggle-icon-left\" aria-hidden=\"true\">\n\t\t\t\t\t\t\t\t\t\t\t\t\t\t\t<span class=\"elementor-toggle-icon-closed\"><i class=\"fas fa-caret-right\"><\/i><\/span>\n\t\t\t\t\t\t\t\t<span class=\"elementor-toggle-icon-opened\"><i class=\"elementor-toggle-icon-opened fas fa-caret-up\"><\/i><\/span>\n\t\t\t\t\t\t\t\t\t\t\t\t\t<\/span>\n\t\t\t\t\t\t\t\t\t\t\t\t<a href=\"\" class=\"elementor-toggle-title\">2016<\/a>\n\t\t\t\t\t<\/div>\n\n\t\t\t\t\t<div id=\"elementor-tab-content-6354\" class=\"elementor-tab-content elementor-clearfix\" data-tab=\"4\" role=\"tabpanel\" aria-labelledby=\"elementor-tab-title-6354\"><ul><li><h3>Filterwechsel<\/h3><\/li><\/ul><p><strong>Erweiterung eines Betriebsgeb\u00e4udes in Hude<\/strong><br \/><strong>Neubau von B\u00fcrofl\u00e4chen nach Teilr\u00fcckbau<\/strong><\/p><p class=\"copyright\"><span style=\"text-decoration: underline;\">Auftraggeber<\/span>: Privat<br \/><span style=\"text-decoration: underline;\">Leistungen<\/span>: Entwurfs- u. Genehmigungsplanung<br \/>(nicht ausgef\u00fchrt)<\/p><ul><li><h3>Ankommen<\/h3><\/li><\/ul><p><strong>Umnutzung von Kasernengeb\u00e4uden zu Fl\u00fcchtlingsunterk\u00fcnften in Delmenhorst<\/strong><\/p><p class=\"copyright\"><span style=\"text-decoration: underline;\">Auftraggeber<\/span>: Stadt Delmenhorst<br \/><span style=\"text-decoration: underline;\">Leistungen<\/span>: Genehmigungsplanung zur Nutzungs\u00e4nderung, <br \/>Ausf\u00fchrungsplanung, Ausschreibung, Bauleitung<\/p><\/div>\n\t\t\t\t<\/div>\n\t\t\t\t\t\t\t<div class=\"elementor-toggle-item\">\n\t\t\t\t\t<div id=\"elementor-tab-title-6355\" class=\"elementor-tab-title\" data-tab=\"5\" role=\"tab\" aria-controls=\"elementor-tab-content-6355\" aria-expanded=\"false\">\n\t\t\t\t\t\t\t\t\t\t\t\t<span class=\"elementor-toggle-icon elementor-toggle-icon-left\" aria-hidden=\"true\">\n\t\t\t\t\t\t\t\t\t\t\t\t\t\t\t<span class=\"elementor-toggle-icon-closed\"><i class=\"fas fa-caret-right\"><\/i><\/span>\n\t\t\t\t\t\t\t\t<span class=\"elementor-toggle-icon-opened\"><i class=\"elementor-toggle-icon-opened fas fa-caret-up\"><\/i><\/span>\n\t\t\t\t\t\t\t\t\t\t\t\t\t<\/span>\n\t\t\t\t\t\t\t\t\t\t\t\t<a href=\"\" class=\"elementor-toggle-title\">2015<\/a>\n\t\t\t\t\t<\/div>\n\n\t\t\t\t\t<div id=\"elementor-tab-content-6355\" class=\"elementor-tab-content elementor-clearfix\" data-tab=\"5\" role=\"tabpanel\" aria-labelledby=\"elementor-tab-title-6355\"><ul><li><h3>Haus K<\/h3><\/li><\/ul><p><strong>Sanierung\/Erweiterung Dachgeschoss eines Einfamilienhauses in Delmenhorst<\/strong><\/p><p class=\"copyright\">Auftraggeber: Privat<br \/>Leistungen: Bauvoranfrage, Entwurfs- und Genehmigungsplanung, Bauleitung<\/p><ul><li><h3>Haus ATD<\/h3><\/li><\/ul><p><strong>Erweiterung eines Einfamilienhauses in Delmenhorst<\/strong><\/p><p class=\"copyright\"><span style=\"text-decoration: underline;\">Auftraggeber<\/span>: Privat<br \/><span style=\"text-decoration: underline;\">Leistungen<\/span>: Entwurfs- u. Genehmigungsplanung<\/p><ul><li><h3>Haus FSR<\/h3><\/li><\/ul><p><strong>Neubau eines Einfamilienhauses in Delmenhorst<\/strong><\/p><p class=\"copyright\"><span style=\"text-decoration: underline;\">Auftraggeber<\/span>: Privat<br \/><span style=\"text-decoration: underline;\">Leistungen<\/span>: Entwurfs- u. Genehmigungsplanung<\/p><ul><li><h3>Klasse R\u00e4ume<\/h3><\/li><\/ul><p><strong>Nutzungs- und Erweiterungskonzept zum geplanten Einzug<\/strong><br \/><strong>der Katholischen Grundschule in die Grundschule Hude S\u00fcd<\/strong><\/p><p class=\"copyright\">Gutachterverfahren<br \/><span style=\"text-decoration: underline;\">Auftraggeber<\/span>: Gemeinde Hude (Oldb)<br \/><span style=\"text-decoration: underline;\">Leistungen<\/span>: Nutzungsanalyse\/Entwurfsgutachten<\/p><ul><li><h3>Spur der Steine<\/h3><\/li><\/ul><p><strong>Sanierung einer Wohneinheit mit drei Funktionsebenen<\/strong><br \/><strong>auf dem ehemaligen Nordwollegel\u00e4nde in Delmenhorst<\/strong><\/p><p class=\"copyright\"><span style=\"text-decoration: underline;\">Auftraggeber<\/span>: Privat<br \/><span style=\"text-decoration: underline;\">Leistungen<\/span>: Aufma\u00df, Denkmalschutzrechtliche Genehmigungsplanung, Bauleitung<\/p><ul><li><h3>Formel E<\/h3><\/li><\/ul><p><strong>Neubau eines Betriebsgeb\u00e4udes in Delmenhorst<\/strong><br \/><strong>Montagehalle mit zweigeschossigem B\u00fcroanbau<\/strong><\/p><p class=\"copyright\"><span style=\"text-decoration: underline;\">Auftraggeber<\/span>: Privat<br \/><span style=\"text-decoration: underline;\">Leistungen<\/span>: Entwurfs-, Genehmigungs- u. Entw\u00e4sserungsplanung, Qualit\u00e4tskontrolle<\/p><ul><li><h3>LS 91<\/h3><\/li><\/ul><p><strong>Vorschlag zur Neugestaltung\/Sanierung der Fassaden<\/strong><br \/><strong>des ehemaligen Karstadt-Warenhauses in Delmenhorst<\/strong><\/p><p class=\"copyright\">Eingeladener Wettbewerb (RPW 2013) <br \/><span style=\"text-decoration: underline;\">Auslober<\/span>: Erste Projektentwicklungsgesellschaft Delmenhorst mbH<br \/><span style=\"text-decoration: underline;\">Leistungen<\/span>: Entwurfsplanung\/Fassadenplanung<\/p><ul><li><h3>Horizontale Lasten<\/h3><\/li><\/ul><p><strong>Zwischenzeitliche Au\u00dfenaussteifung eines Gesch\u00e4ftshauses in Delmenhorst<\/strong><\/p><p class=\"copyright\"><span style=\"text-decoration: underline;\">Auftraggeber<\/span>: Aberdeen Balanced Germany 2BV P\/A H&amp;P IRE<br \/><span style=\"text-decoration: underline;\">Leistungen<\/span>: Genehmigungsplanung, Bauleitung<\/p><\/div>\n\t\t\t\t<\/div>\n\t\t\t\t\t\t\t\t<\/div>\n\t\t\t\t<\/div>\n\t\t\t\t<\/div>\n\t\t\t\t\t<\/div>\n\t\t<\/div>\n\t\t\t\t\t\t\t<\/div>\n\t\t<\/section>\n\t\t\t\t\t\t\t<\/div>\n\t\t","protected":false},"excerpt":{"rendered":"<p>2021 Flexo Neubau einer Werk- und Lagerhalle mit B\u00fcro in Hatten-Munderloh Auftraggeber: Privat Leistungen: Entwurfs- und Genehmigungsplanung 2021 Tieflader Neubau einer Gewerbehalle mit B\u00fcro in Ganderkesee Auftraggeber: Privat Leistungen: Entwurfs- und Genehmigungsplanung 2020 Floor-Storage Umnutzung einer Lagerhalle in Delmenhorst Auftraggeber: Gerflor DLW GmbH Leistung: Entwurfsplanung Projekt-Archiv 2019 Night on Earth Umnutzung eines ehem. B\u00fcro- und &hellip; <\/p>\n<p class=\"link-more\"><a href=\"http:\/\/juergenreiners.de\/?page_id=86\" class=\"more-link\"><span class=\"screen-reader-text\">\u201eProjektauswahl\u201c <\/span>weiterlesen<\/a><\/p>\n","protected":false},"author":1,"featured_media":0,"parent":0,"menu_order":0,"comment_status":"closed","ping_status":"closed","template":"","meta":[],"_links":{"self":[{"href":"http:\/\/juergenreiners.de\/index.php?rest_route=\/wp\/v2\/pages\/86"}],"collection":[{"href":"http:\/\/juergenreiners.de\/index.php?rest_route=\/wp\/v2\/pages"}],"about":[{"href":"http:\/\/juergenreiners.de\/index.php?rest_route=\/wp\/v2\/types\/page"}],"author":[{"embeddable":true,"href":"http:\/\/juergenreiners.de\/index.php?rest_route=\/wp\/v2\/users\/1"}],"replies":[{"embeddable":true,"href":"http:\/\/juergenreiners.de\/index.php?rest_route=%2Fwp%2Fv2%2Fcomments&post=86"}],"version-history":[{"count":8,"href":"http:\/\/juergenreiners.de\/index.php?rest_route=\/wp\/v2\/pages\/86\/revisions"}],"predecessor-version":[{"id":158,"href":"http:\/\/juergenreiners.de\/index.php?rest_route=\/wp\/v2\/pages\/86\/revisions\/158"}],"wp:attachment":[{"href":"http:\/\/juergenreiners.de\/index.php?rest_route=%2Fwp%2Fv2%2Fmedia&parent=86"}],"curies":[{"name":"wp","href":"https:\/\/api.w.org\/{rel}","templated":true}]}}